{"id":13,"date":"2026-05-01T17:09:39","date_gmt":"2026-05-01T15:09:39","guid":{"rendered":"https:\/\/ecolealternativeapeda.fr\/?page_id=13"},"modified":"2026-05-01T17:12:08","modified_gmt":"2026-05-01T15:12:08","slug":"temoignages","status":"publish","type":"page","link":"https:\/\/ecolealternativeapeda.fr\/?page_id=13","title":{"rendered":"T\u00e9moignages de parents d&rsquo;\u00e9l\u00e8ves"},"content":{"rendered":"\n<h4 class=\"wp-block-heading\">Lettre des parents d&rsquo;A. qui a rejoint le coll\u00e8ge au mois de mars 2023<\/h4>\n\n\n\n<p>Le 10 juin 2024<\/p>\n\n\n\n<p>Bonjour \u00e0 tous,<\/p>\n\n\n\n<p>En d\u00e9butant ce t\u00e9moignage, je pense tout particuli\u00e8rement aux enfants en difficult\u00e9 et en souffrance \u00e0 l\u2019\u00e9cole. Les enfants sont confront\u00e9s parfois tr\u00e8s jeunes \u00e0 des \u00e9v\u00e9nements difficiles, voire traumatiques et \u00e0 des contraintes tr\u00e8s fortes qui viennent impacter leurs d\u00e9veloppements physique et psychologique. S\u2019ils ne sont pas reconnus dans ce qu\u2019ils vivent, le risque est qu\u2019ils s\u2019\u00e9loignent chaque jour un peu plus d\u2019eux-m\u00eame, se perdent, et parfois tombent malades. Troubles du sommeil, troubles somatiques, anxi\u00e9t\u00e9, d\u00e9crochage scolaire, agressivit\u00e9, phobies, d\u00e9pression, id\u00e9es suicidaires\u2026. Toutefois, ils doivent continuer \u00e0 s\u2019instruire et \u00e0 \u00eatre en relation avec d\u2019autres enfants.<\/p>\n\n\n\n<p>Un d\u00e9fi de taille pour nous, parents !<\/p>\n\n\n\n<p>Ainsi, je pense \u00e0 toutes les familles qui se sentent parfois impuissantes, d\u00e9munies, d\u00e9courag\u00e9es, voire r\u00e9sign\u00e9es face au d\u00e9calage qui existe entre la singularit\u00e9 des probl\u00e9matiques exprim\u00e9es par leur enfant et le cadre propos\u00e9 dans les \u00e9tablissement publics ou priv\u00e9s.<\/p>\n\n\n\n<p>Que faire lorsque mon enfant est tellement angoiss\u00e9 \u00e0 l\u2019id\u00e9e de ce qui peut lui arriver, qui refuse d\u2019aller au coll\u00e8ge ?<\/p>\n\n\n\n<p>Que faire lorsque mon enfant se d\u00e9sint\u00e9resse des apprentissages parce qu\u2019il s\u2019ennuie ou ne comprend pas ce qu\u2019on lui transmet \u00e0 l\u2019\u00e9cole ?<\/p>\n\n\n\n<p>Que faire lorsque l\u2019\u00e9cole n\u2019est pas un lieu o\u00f9 mon enfant \u00e9prouve du plaisir et donne du sens \u00e0 sa vie ?<br>Pourquoi ne suis-je pas entendu et compris dans ce que je connais et sais des besoins de mon enfant ?<\/p>\n\n\n\n<p>Mon mari et moi sommes les parents d\u2019A. qui a presque 13 ans, et pour qui le coll\u00e8ge \u00e9tait v\u00e9cu comme une prison, un \u00ab Endroit Cruel O\u00f9 Les Enfants Souffrent \u00bb ; ce sont ses mots.<\/p>\n\n\n\n<p>Nous nous sommes sentis tr\u00e8s seuls et d\u00e9munis devant la souffrance de notre enfant qui malgr\u00e9 tous ses efforts n\u2019arrivait pas \u00e0 trouver sa place dans le syst\u00e8me scolaire classique.<\/p>\n\n\n\n<p>Notre pr\u00e9sence et notre implication dans sa prise charge m\u00e9dicale et psychologique ont \u00e9t\u00e9 essentielles. Mais cela n\u2019est pas toujours suffisant si l\u2019environnement dans lequel \u00e9volue l\u2019enfant n\u2019installe pas des attitudes et des conditions facilitant une reprise de contact avec lui-m\u00eame et la pleine expression de son potentiel.<\/p>\n\n\n\n<p>C\u2019est pourquoi il nous a paru important de partager avec toutes les familles qui se sentent dans l\u2019impasse et qui sont en recherche de r\u00e9ponses qu\u2019une autre fa\u00e7on d\u2019envisager les apprentissages et l\u2019\u00e9ducation de nos enfants est possible.<\/p>\n\n\n\n<p>Le 4 mars 2024, notre enfant a fait sa rentr\u00e9e au coll\u00e8ge Colette, un coll\u00e8ge alternatif qui s\u2019appuie sur des p\u00e9dagogies actives et PPN (P\u00e9dagogie par la nature).<\/p>\n\n\n\n<p>Depuis 3 mois, notre famille fait l\u2019exp\u00e9rience d\u2019un coll\u00e8ge bienveillant, authentique, respectueux et \u00e0 l\u2019\u00e9coute des besoins de tous. Un coll\u00e8ge o\u00f9 parents et \u00e9ducateurs facilitent la rencontre d\u2019un NOUS pour offrir ce qu\u2019il y a de meilleur aux enfants.<\/p>\n\n\n\n<p>Gr\u00e2ce \u00e0 l\u2019accompagnement empathique des \u00e9ducateurs, aux regards positifs et sans jugement de ses camarades de classe, A. s\u2019est senti tr\u00e8s vite consid\u00e9r\u00e9, accept\u00e9 et appr\u00e9ci\u00e9 tel qu\u2019il est, et a exprim\u00e9 un attachement sinc\u00e8re envers le groupe. Son sentiment d\u2019ins\u00e9curit\u00e9 et ses angoisses se dissipent au fil des semaines, laissant place \u00e0 l\u2019envie et au besoin tout naturel d\u2019aller au coll\u00e8ge.<\/p>\n\n\n\n<p>A. aime tout particuli\u00e8rement se rendre en for\u00eat, un lieu calme et apaisant. Un endroit favorisant la rencontre avec soi, les autres et le monde qui l\u2019entoure. Les enfants se rassemblent, s\u2019entraident et vivent ensemble des moments de partage uniques qui les soudent et renforcent la coh\u00e9sion du groupe. Au contact de la nature, notre enfant se connecte \u00e0 l\u2019essentiel, au vivant, et fait des d\u00e9couvertes qui sont stimulantes et \u00e9veillent sa curiosit\u00e9. La P\u00e9dagogie par la nature propose des activit\u00e9s et des exp\u00e9riences que je per\u00e7ois comme th\u00e9rapeutiques car elles sont source d\u2019ouverture et de prise de conscience.<\/p>\n\n\n\n<p>A son rythme, sans pression et sans \u00e9valuation, A. retrouve du plaisir \u00e0 d\u00e9couvrir, exp\u00e9rimenter, apprendre et cr\u00e9er. Le fait d\u2019\u00eatre libre et d\u2019organiser son travail comme il le souhaite pendant la semaine la rend plus autonome et responsable vis-\u00e0-vis de ses apprentissages.<\/p>\n\n\n\n<p>Des projets s\u2019expriment et se concr\u00e9tisent. La confiance et l\u2019estime de soi sont au rendez-vous. Un avenir peut de nouveau se dessiner !\u2026<\/p>\n\n\n\n<p>Aujourd\u2019hui, la paix et la s\u00e9curit\u00e9 int\u00e9rieure que nous avons retrouv\u00e9es n\u2019a pas de prix. Et lorsque nous entendons de nouveau notre enfant rire au \u00e9clats, nous savons qu\u2019il est \u00e0 la bonne place au sein du coll\u00e8ge Colette, lieu propice au changement, \u00e0 la transformation et \u00e0 la r\u00e9alisation de son \u00eatre.<\/p>\n\n\n\n<p>Ainsi, nous avions \u00e0 c\u0153ur de partager les valeurs humanistes et les nombreuses richesses d\u2019un coll\u00e8ge qui pour nous apaise et r\u00e9concilie les c\u0153urs et les esprits des familles, en proposant une p\u00e9dagogie respectueuse et qui a du sens.<\/p>\n\n\n\n<p class=\"has-text-align-right\">L. et F.<\/p>\n\n\n\n<div class=\"wp-block-media-text has-media-on-the-right is-stacked-on-mobile is-vertically-aligned-top\" style=\"grid-template-columns:auto 72%\"><div class=\"wp-block-media-text__content\">\n<p class=\"has-text-align-right\"><strong>Le dessin est d&rsquo;A.<\/strong><\/p>\n<\/div><figure class=\"wp-block-media-text__media\"><img loading=\"lazy\" decoding=\"async\" width=\"750\" height=\"998\" src=\"https:\/\/ecolealternativeapeda.fr\/wp-content\/uploads\/2026\/05\/Dessin-de-A-pour-temoignage.jpg\" alt=\"Dessin de A pour t\u00e9moignage\" class=\"wp-image-14 size-full\" srcset=\"https:\/\/ecolealternativeapeda.fr\/wp-content\/uploads\/2026\/05\/Dessin-de-A-pour-temoignage.jpg 750w, https:\/\/ecolealternativeapeda.fr\/wp-content\/uploads\/2026\/05\/Dessin-de-A-pour-temoignage-225x300.jpg 225w\" sizes=\"auto, (max-width: 750px) 100vw, 750px\" \/><\/figure><\/div>\n\n\n\n<div style=\"height:31px\" aria-hidden=\"true\" class=\"wp-block-spacer\"><\/div>\n\n\n\n<h4 class=\"wp-block-heading\"><strong>T\u00e9moignage de H\u00e9l\u00e8ne, maman d&rsquo;H<\/strong><\/h4>\n\n\n\n<p>Depuis le niveau CE1, mon fils H. a effectu\u00e9 sa scolarit\u00e9 \u00e0 l&rsquo;\u00e9cole Grandir Ensemble \u00e0 Besan\u00e7on. Continuer avec ce type d&rsquo;apprentissage au coll\u00e8ge \u00e9tait pour moi \u00e0 la fois une \u00e9vidence et une n\u00e9cessit\u00e9.<\/p>\n\n\n\n<p>H. est donc au coll\u00e8ge Colette depuis son ouverture en septembre 2023. Il est cette ann\u00e9e (2024) au niveau 5\u00e8me et je le vois \u00e9panoui, enrichi de tout ce qu&rsquo;il apprend et exp\u00e9rimente, gagnant en maturit\u00e9, en assurance, en confiance. Il se sent \u00e9cout\u00e9 et reconnu pour ce qu&rsquo;il est et ce qu&rsquo;il aime. Plut\u00f4t r\u00e9serv\u00e9 \u00e0 la base, il s&rsquo;ouvre maintenant de plus en plus aux autres, se sent \u00e0 l&rsquo;aise et c&rsquo;est pour moi un r\u00e9el plaisir de le voir \u00e9voluer ainsi !<\/p>\n\n\n\n<p>Je remercie sinc\u00e8rement Gabrielle et Philippe, les 2 \u00e9ducateurs, qui offrent \u00e0 ces jeunes un environnement et un apprentissage de qualit\u00e9, dans la bienveillance et le respect de chacun.<br>HMA<\/p>\n","protected":false},"excerpt":{"rendered":"<p>Lettre des parents d&rsquo;A. qui a rejoint le coll\u00e8ge au mois de mars 2023 Le 10 juin 2024 Bonjour \u00e0<\/p>\n","protected":false},"author":1,"featured_media":0,"parent":0,"menu_order":0,"comment_status":"closed","ping_status":"closed","template":"","meta":{"colormag_page_container_layout":"default_layout","colormag_page_sidebar_layout":"default_layout","footnotes":""},"class_list":["post-13","page","type-page","status-publish","hentry"],"yoast_head":"<!-- This site is optimized with the Yoast SEO plugin v27.5 - https:\/\/yoast.com\/product\/yoast-seo-wordpress\/ -->\n<title>T\u00e9moignages de parents d&#039;\u00e9l\u00e8ves - APEDA<\/title>\n<meta name=\"robots\" content=\"index, follow, max-snippet:-1, max-image-preview:large, max-video-preview:-1\" \/>\n<link rel=\"canonical\" href=\"https:\/\/ecolealternativeapeda.fr\/?page_id=13\" \/>\n<meta property=\"og:locale\" content=\"fr_FR\" \/>\n<meta property=\"og:type\" content=\"article\" \/>\n<meta property=\"og:title\" content=\"T\u00e9moignages de parents d&#039;\u00e9l\u00e8ves - APEDA\" \/>\n<meta property=\"og:description\" content=\"Lettre des parents d&rsquo;A. qui a rejoint le coll\u00e8ge au mois de mars 2023 Le 10 juin 2024 Bonjour \u00e0\" \/>\n<meta property=\"og:url\" content=\"https:\/\/ecolealternativeapeda.fr\/?page_id=13\" \/>\n<meta property=\"og:site_name\" content=\"APEDA\" \/>\n<meta property=\"article:modified_time\" content=\"2026-05-01T15:12:08+00:00\" \/>\n<meta property=\"og:image\" content=\"https:\/\/ecolealternativeapeda.fr\/wp-content\/uploads\/2026\/05\/Dessin-de-A-pour-temoignage.jpg\" \/>\n\t<meta property=\"og:image:width\" content=\"750\" \/>\n\t<meta property=\"og:image:height\" content=\"998\" \/>\n\t<meta property=\"og:image:type\" content=\"image\/jpeg\" \/>\n<meta name=\"twitter:card\" content=\"summary_large_image\" \/>\n<meta name=\"twitter:label1\" content=\"Est. reading time\" \/>\n\t<meta name=\"twitter:data1\" content=\"6 minutes\" \/>\n<script type=\"application\/ld+json\" class=\"yoast-schema-graph\">{\"@context\":\"https:\\\/\\\/schema.org\",\"@graph\":[{\"@type\":\"WebPage\",\"@id\":\"https:\\\/\\\/ecolealternativeapeda.fr\\\/?page_id=13\",\"url\":\"https:\\\/\\\/ecolealternativeapeda.fr\\\/?page_id=13\",\"name\":\"T\u00e9moignages de parents d'\u00e9l\u00e8ves - APEDA\",\"isPartOf\":{\"@id\":\"https:\\\/\\\/ecolealternativeapeda.fr\\\/#website\"},\"primaryImageOfPage\":{\"@id\":\"https:\\\/\\\/ecolealternativeapeda.fr\\\/?page_id=13#primaryimage\"},\"image\":{\"@id\":\"https:\\\/\\\/ecolealternativeapeda.fr\\\/?page_id=13#primaryimage\"},\"thumbnailUrl\":\"https:\\\/\\\/ecolealternativeapeda.fr\\\/wp-content\\\/uploads\\\/2026\\\/05\\\/Dessin-de-A-pour-temoignage.jpg\",\"datePublished\":\"2026-05-01T15:09:39+00:00\",\"dateModified\":\"2026-05-01T15:12:08+00:00\",\"breadcrumb\":{\"@id\":\"https:\\\/\\\/ecolealternativeapeda.fr\\\/?page_id=13#breadcrumb\"},\"inLanguage\":\"fr-FR\",\"potentialAction\":[{\"@type\":\"ReadAction\",\"target\":[\"https:\\\/\\\/ecolealternativeapeda.fr\\\/?page_id=13\"]}]},{\"@type\":\"ImageObject\",\"inLanguage\":\"fr-FR\",\"@id\":\"https:\\\/\\\/ecolealternativeapeda.fr\\\/?page_id=13#primaryimage\",\"url\":\"https:\\\/\\\/ecolealternativeapeda.fr\\\/wp-content\\\/uploads\\\/2026\\\/05\\\/Dessin-de-A-pour-temoignage.jpg\",\"contentUrl\":\"https:\\\/\\\/ecolealternativeapeda.fr\\\/wp-content\\\/uploads\\\/2026\\\/05\\\/Dessin-de-A-pour-temoignage.jpg\",\"width\":750,\"height\":998,\"caption\":\"Dessin de A pour t\u00e9moignage\"},{\"@type\":\"BreadcrumbList\",\"@id\":\"https:\\\/\\\/ecolealternativeapeda.fr\\\/?page_id=13#breadcrumb\",\"itemListElement\":[{\"@type\":\"ListItem\",\"position\":1,\"name\":\"Home\",\"item\":\"https:\\\/\\\/ecolealternativeapeda.fr\\\/\"},{\"@type\":\"ListItem\",\"position\":2,\"name\":\"T\u00e9moignages de parents d&rsquo;\u00e9l\u00e8ves\"}]},{\"@type\":\"WebSite\",\"@id\":\"https:\\\/\\\/ecolealternativeapeda.fr\\\/#website\",\"url\":\"https:\\\/\\\/ecolealternativeapeda.fr\\\/\",\"name\":\"APEDA\",\"description\":\"\",\"potentialAction\":[{\"@type\":\"SearchAction\",\"target\":{\"@type\":\"EntryPoint\",\"urlTemplate\":\"https:\\\/\\\/ecolealternativeapeda.fr\\\/?s={search_term_string}\"},\"query-input\":{\"@type\":\"PropertyValueSpecification\",\"valueRequired\":true,\"valueName\":\"search_term_string\"}}],\"inLanguage\":\"fr-FR\"}]}<\/script>\n<!-- \/ Yoast SEO plugin. -->","yoast_head_json":{"title":"T\u00e9moignages de parents d'\u00e9l\u00e8ves - APEDA","robots":{"index":"index","follow":"follow","max-snippet":"max-snippet:-1","max-image-preview":"max-image-preview:large","max-video-preview":"max-video-preview:-1"},"canonical":"https:\/\/ecolealternativeapeda.fr\/?page_id=13","og_locale":"fr_FR","og_type":"article","og_title":"T\u00e9moignages de parents d'\u00e9l\u00e8ves - APEDA","og_description":"Lettre des parents d&rsquo;A. qui a rejoint le coll\u00e8ge au mois de mars 2023 Le 10 juin 2024 Bonjour \u00e0","og_url":"https:\/\/ecolealternativeapeda.fr\/?page_id=13","og_site_name":"APEDA","article_modified_time":"2026-05-01T15:12:08+00:00","og_image":[{"width":750,"height":998,"url":"https:\/\/ecolealternativeapeda.fr\/wp-content\/uploads\/2026\/05\/Dessin-de-A-pour-temoignage.jpg","type":"image\/jpeg"}],"twitter_card":"summary_large_image","twitter_misc":{"Est. reading time":"6 minutes"},"schema":{"@context":"https:\/\/schema.org","@graph":[{"@type":"WebPage","@id":"https:\/\/ecolealternativeapeda.fr\/?page_id=13","url":"https:\/\/ecolealternativeapeda.fr\/?page_id=13","name":"T\u00e9moignages de parents d'\u00e9l\u00e8ves - APEDA","isPartOf":{"@id":"https:\/\/ecolealternativeapeda.fr\/#website"},"primaryImageOfPage":{"@id":"https:\/\/ecolealternativeapeda.fr\/?page_id=13#primaryimage"},"image":{"@id":"https:\/\/ecolealternativeapeda.fr\/?page_id=13#primaryimage"},"thumbnailUrl":"https:\/\/ecolealternativeapeda.fr\/wp-content\/uploads\/2026\/05\/Dessin-de-A-pour-temoignage.jpg","datePublished":"2026-05-01T15:09:39+00:00","dateModified":"2026-05-01T15:12:08+00:00","breadcrumb":{"@id":"https:\/\/ecolealternativeapeda.fr\/?page_id=13#breadcrumb"},"inLanguage":"fr-FR","potentialAction":[{"@type":"ReadAction","target":["https:\/\/ecolealternativeapeda.fr\/?page_id=13"]}]},{"@type":"ImageObject","inLanguage":"fr-FR","@id":"https:\/\/ecolealternativeapeda.fr\/?page_id=13#primaryimage","url":"https:\/\/ecolealternativeapeda.fr\/wp-content\/uploads\/2026\/05\/Dessin-de-A-pour-temoignage.jpg","contentUrl":"https:\/\/ecolealternativeapeda.fr\/wp-content\/uploads\/2026\/05\/Dessin-de-A-pour-temoignage.jpg","width":750,"height":998,"caption":"Dessin de A pour t\u00e9moignage"},{"@type":"BreadcrumbList","@id":"https:\/\/ecolealternativeapeda.fr\/?page_id=13#breadcrumb","itemListElement":[{"@type":"ListItem","position":1,"name":"Home","item":"https:\/\/ecolealternativeapeda.fr\/"},{"@type":"ListItem","position":2,"name":"T\u00e9moignages de parents d&rsquo;\u00e9l\u00e8ves"}]},{"@type":"WebSite","@id":"https:\/\/ecolealternativeapeda.fr\/#website","url":"https:\/\/ecolealternativeapeda.fr\/","name":"APEDA","description":"","potentialAction":[{"@type":"SearchAction","target":{"@type":"EntryPoint","urlTemplate":"https:\/\/ecolealternativeapeda.fr\/?s={search_term_string}"},"query-input":{"@type":"PropertyValueSpecification","valueRequired":true,"valueName":"search_term_string"}}],"inLanguage":"fr-FR"}]}},"_links":{"self":[{"href":"https:\/\/ecolealternativeapeda.fr\/index.php?rest_route=\/wp\/v2\/pages\/13","targetHints":{"allow":["GET"]}}],"collection":[{"href":"https:\/\/ecolealternativeapeda.fr\/index.php?rest_route=\/wp\/v2\/pages"}],"about":[{"href":"https:\/\/ecolealternativeapeda.fr\/index.php?rest_route=\/wp\/v2\/types\/page"}],"author":[{"embeddable":true,"href":"https:\/\/ecolealternativeapeda.fr\/index.php?rest_route=\/wp\/v2\/users\/1"}],"replies":[{"embeddable":true,"href":"https:\/\/ecolealternativeapeda.fr\/index.php?rest_route=%2Fwp%2Fv2%2Fcomments&post=13"}],"version-history":[{"count":3,"href":"https:\/\/ecolealternativeapeda.fr\/index.php?rest_route=\/wp\/v2\/pages\/13\/revisions"}],"predecessor-version":[{"id":21,"href":"https:\/\/ecolealternativeapeda.fr\/index.php?rest_route=\/wp\/v2\/pages\/13\/revisions\/21"}],"wp:attachment":[{"href":"https:\/\/ecolealternativeapeda.fr\/index.php?rest_route=%2Fwp%2Fv2%2Fmedia&parent=13"}],"curies":[{"name":"wp","href":"https:\/\/api.w.org\/{rel}","templated":true}]}}