{"id":41,"date":"2026-05-01T17:33:59","date_gmt":"2026-05-01T15:33:59","guid":{"rendered":"https:\/\/ecolealternativeapeda.fr\/?page_id=41"},"modified":"2026-05-01T17:46:42","modified_gmt":"2026-05-01T15:46:42","slug":"tarifs-pre-inscriptions-et-contact","status":"publish","type":"page","link":"https:\/\/ecolealternativeapeda.fr\/?page_id=41","title":{"rendered":"Tarifs, pr\u00e9-inscriptions et contact"},"content":{"rendered":"\n<h4 class=\"wp-block-heading\"><strong>Tarifs pour le coll\u00e8ge<\/strong><\/h4>\n\n\n\n<p>Le tarif unique est de 380\u20ac par mois, payable sur 12 mois.<\/p>\n\n\n\n<ul class=\"wp-block-list\">\n<li>Les frais d&rsquo;inscription :<\/li>\n\n\n\n<li>Adh\u00e9sion \u00e0 l&rsquo;association APEDA : 20\u20ac l&rsquo;ann\u00e9e, par famille.<\/li>\n<\/ul>\n\n\n\n<p><strong>Pr\u00e9-inscriptions<\/strong><\/p>\n\n\n\n<p>Pour vous pr\u00e9-inscrire, veuillez remplir <a href=\"https:\/\/ecolealternativeapeda.fr\/?page_id=44\">le formulaire de contact disponible sur notre site<\/a>. Une fois votre demande re\u00e7ue, nous vous contacterons pour confirmer votre inscription et vous fournir toutes les informations n\u00e9cessaires.<\/p>\n\n\n\n<h4 class=\"wp-block-heading\"><strong>Tarifs et inscriptions aux stages de connexion \u00e0 la nature \u00e0 destination des adultes<\/strong><\/h4>\n\n\n\n<p><strong>Explorez votre Relation \u00e0 la Nature<\/strong><\/p>\n\n\n\n<p>Venez d\u00e9couvrir votre lien avec la nature, avec vous-m\u00eame et avec le groupe tout au long de l\u2019ann\u00e9e !<\/p>\n\n\n\n<p>Vous souhaitez commencer l&rsquo;\u00e9cole dehors ?<br>Vous souhaitez aider vos enfants \u00e0 cr\u00e9er un lien avec la nature ?<br>Ou \u00eates-vous simplement curieux de d\u00e9couvrir ce qui se passe ici ?<\/p>\n\n\n\n<p><strong>Bienvenue !<\/strong><\/p>\n\n\n\n<p>Rejoignez-nous en for\u00eat pour cinq jours dans un cadre bienveillant et accueillant, o\u00f9 la cr\u00e9ation de relations repose sur la confiance, l&rsquo;\u00e9coute et le non-jugement. Nous explorerons ensemble les routines de connexion mises en lumi\u00e8re par Jon Young dans le mod\u00e8le des 8 Shields, inspir\u00e9 par les principes des cultures indig\u00e8nes vivant en harmonie avec leur environnement. Gr\u00e2ce \u00e0 la for\u00eat et \u00e0 la nature, nous approfondirons notre rapport \u00e0 soi et aux autres.<\/p>\n\n\n\n<p><strong>Au programme :<\/strong><\/p>\n\n\n\n<p>\u00c0 travers des activit\u00e9s individuelles et collectives, vous serez guid\u00e9s pour renforcer votre connexion \u00e0 l&rsquo;environnement et \u00e0 vous-m\u00eames. Vous d\u00e9couvrirez des pratiques telles que :<\/p>\n\n\n\n<ul class=\"wp-block-list\">\n<li>Sitspot : moments de contemplation en silence.<\/li>\n\n\n\n<li>Gratitudes : expressions de reconnaissance envers la nature.<\/li>\n\n\n\n<li>Partage d&rsquo;histoires : \u00e9changes enrichissants autour du feu.<\/li>\n\n\n\n<li>\u00c9veil sensoriel : exercices pour aiguiser vos sens.<\/li>\n\n\n\n<li>Langage des oiseaux : apprenez \u00e0 \u00e9couter et \u00e0 interpr\u00e9ter le chant des oiseaux.<\/li>\n\n\n\n<li>Pistage animalier : initiation aux techniques de suivi des animaux.<\/li>\n\n\n\n<li>Techniques primitives : d\u00e9couvertes d&rsquo;anciens savoir-faire en pleine nature.<\/li>\n<\/ul>\n\n\n\n<p>Pour vous inspirer davantage, nous vous recommandons de visionner le film <em>L&rsquo;Autre Connexion<\/em>, qui \u00e9voque une \u00e9cole de la for\u00eat au Canada vivant selon le mod\u00e8le des 8 Shields. Regardez la bande-annonce ici et d\u00e9couvrez le film dans son int\u00e9gralit\u00e9 ici. Pour en savoir plus sur les 8 Shields, visitez le site de Norbert Fond, mentor fran\u00e7ais, sur Permavisions.<\/p>\n\n\n\n<p><strong>Informations Pratiques<\/strong><\/p>\n\n\n\n<p>Le stage se d\u00e9roulera 1 dimanche par mois en for\u00eat de Chemaudin, de novembre \u00e0 juillet, de 10h \u00e0 15h.<\/p>\n\n\n\n<p>les dates :<\/p>\n\n\n\n<ul class=\"wp-block-list\">\n<li>17 novembre<\/li>\n\n\n\n<li>15 d\u00e9cembre<\/li>\n\n\n\n<li>13 janvier<\/li>\n\n\n\n<li>23 fevrier<\/li>\n\n\n\n<li>23 mars<\/li>\n\n\n\n<li>samedi 19 avril<\/li>\n\n\n\n<li>18 mai<\/li>\n\n\n\n<li>15 juin<\/li>\n<\/ul>\n\n\n\n<p><strong>Repas et eau \u00e0 apporter par vos soins.<\/strong><\/p>\n\n\n\n<p>Pr\u00e9parez-vous \u00e0 vivre une belle aventure !<\/p>\n\n\n\n<p>Tarif : 240\u20ac\/ an, soit 30\u20ac\/mois.<\/p>\n\n\n\n<p><a href=\"https:\/\/www.helloasso.com\/associations\/apeda\/evenements\/connexion-nature-et-mentorat-adultes\">Inscriptions ICI<\/a><\/p>\n","protected":false},"excerpt":{"rendered":"<p>Tarifs pour le coll\u00e8ge Le tarif unique est de 380\u20ac par mois, payable sur 12 mois. Pr\u00e9-inscriptions Pour vous pr\u00e9-inscrire,<\/p>\n","protected":false},"author":1,"featured_media":0,"parent":0,"menu_order":0,"comment_status":"closed","ping_status":"closed","template":"","meta":{"colormag_page_container_layout":"default_layout","colormag_page_sidebar_layout":"default_layout","footnotes":""},"class_list":["post-41","page","type-page","status-publish","hentry"],"yoast_head":"<!-- This site is optimized with the Yoast SEO plugin v27.5 - https:\/\/yoast.com\/product\/yoast-seo-wordpress\/ -->\n<title>Tarifs, pr\u00e9-inscriptions et contact - APEDA<\/title>\n<meta name=\"robots\" content=\"index, follow, max-snippet:-1, max-image-preview:large, max-video-preview:-1\" \/>\n<link rel=\"canonical\" href=\"https:\/\/ecolealternativeapeda.fr\/?page_id=41\" \/>\n<meta property=\"og:locale\" content=\"fr_FR\" \/>\n<meta property=\"og:type\" content=\"article\" \/>\n<meta property=\"og:title\" content=\"Tarifs, pr\u00e9-inscriptions et contact - APEDA\" \/>\n<meta property=\"og:description\" content=\"Tarifs pour le coll\u00e8ge Le tarif unique est de 380\u20ac par mois, payable sur 12 mois. Pr\u00e9-inscriptions Pour vous pr\u00e9-inscrire,\" \/>\n<meta property=\"og:url\" content=\"https:\/\/ecolealternativeapeda.fr\/?page_id=41\" \/>\n<meta property=\"og:site_name\" content=\"APEDA\" \/>\n<meta property=\"article:modified_time\" content=\"2026-05-01T15:46:42+00:00\" \/>\n<meta name=\"twitter:card\" content=\"summary_large_image\" \/>\n<meta name=\"twitter:label1\" content=\"Est. reading time\" \/>\n\t<meta name=\"twitter:data1\" content=\"3 minutes\" \/>\n<script type=\"application\/ld+json\" class=\"yoast-schema-graph\">{\"@context\":\"https:\\\/\\\/schema.org\",\"@graph\":[{\"@type\":\"WebPage\",\"@id\":\"https:\\\/\\\/ecolealternativeapeda.fr\\\/?page_id=41\",\"url\":\"https:\\\/\\\/ecolealternativeapeda.fr\\\/?page_id=41\",\"name\":\"Tarifs, pr\u00e9-inscriptions et contact - APEDA\",\"isPartOf\":{\"@id\":\"https:\\\/\\\/ecolealternativeapeda.fr\\\/#website\"},\"datePublished\":\"2026-05-01T15:33:59+00:00\",\"dateModified\":\"2026-05-01T15:46:42+00:00\",\"breadcrumb\":{\"@id\":\"https:\\\/\\\/ecolealternativeapeda.fr\\\/?page_id=41#breadcrumb\"},\"inLanguage\":\"fr-FR\",\"potentialAction\":[{\"@type\":\"ReadAction\",\"target\":[\"https:\\\/\\\/ecolealternativeapeda.fr\\\/?page_id=41\"]}]},{\"@type\":\"BreadcrumbList\",\"@id\":\"https:\\\/\\\/ecolealternativeapeda.fr\\\/?page_id=41#breadcrumb\",\"itemListElement\":[{\"@type\":\"ListItem\",\"position\":1,\"name\":\"Home\",\"item\":\"https:\\\/\\\/ecolealternativeapeda.fr\\\/\"},{\"@type\":\"ListItem\",\"position\":2,\"name\":\"Tarifs, pr\u00e9-inscriptions et contact\"}]},{\"@type\":\"WebSite\",\"@id\":\"https:\\\/\\\/ecolealternativeapeda.fr\\\/#website\",\"url\":\"https:\\\/\\\/ecolealternativeapeda.fr\\\/\",\"name\":\"APEDA\",\"description\":\"\",\"potentialAction\":[{\"@type\":\"SearchAction\",\"target\":{\"@type\":\"EntryPoint\",\"urlTemplate\":\"https:\\\/\\\/ecolealternativeapeda.fr\\\/?s={search_term_string}\"},\"query-input\":{\"@type\":\"PropertyValueSpecification\",\"valueRequired\":true,\"valueName\":\"search_term_string\"}}],\"inLanguage\":\"fr-FR\"}]}<\/script>\n<!-- \/ Yoast SEO plugin. -->","yoast_head_json":{"title":"Tarifs, pr\u00e9-inscriptions et contact - APEDA","robots":{"index":"index","follow":"follow","max-snippet":"max-snippet:-1","max-image-preview":"max-image-preview:large","max-video-preview":"max-video-preview:-1"},"canonical":"https:\/\/ecolealternativeapeda.fr\/?page_id=41","og_locale":"fr_FR","og_type":"article","og_title":"Tarifs, pr\u00e9-inscriptions et contact - APEDA","og_description":"Tarifs pour le coll\u00e8ge Le tarif unique est de 380\u20ac par mois, payable sur 12 mois. Pr\u00e9-inscriptions Pour vous pr\u00e9-inscrire,","og_url":"https:\/\/ecolealternativeapeda.fr\/?page_id=41","og_site_name":"APEDA","article_modified_time":"2026-05-01T15:46:42+00:00","twitter_card":"summary_large_image","twitter_misc":{"Est. reading time":"3 minutes"},"schema":{"@context":"https:\/\/schema.org","@graph":[{"@type":"WebPage","@id":"https:\/\/ecolealternativeapeda.fr\/?page_id=41","url":"https:\/\/ecolealternativeapeda.fr\/?page_id=41","name":"Tarifs, pr\u00e9-inscriptions et contact - APEDA","isPartOf":{"@id":"https:\/\/ecolealternativeapeda.fr\/#website"},"datePublished":"2026-05-01T15:33:59+00:00","dateModified":"2026-05-01T15:46:42+00:00","breadcrumb":{"@id":"https:\/\/ecolealternativeapeda.fr\/?page_id=41#breadcrumb"},"inLanguage":"fr-FR","potentialAction":[{"@type":"ReadAction","target":["https:\/\/ecolealternativeapeda.fr\/?page_id=41"]}]},{"@type":"BreadcrumbList","@id":"https:\/\/ecolealternativeapeda.fr\/?page_id=41#breadcrumb","itemListElement":[{"@type":"ListItem","position":1,"name":"Home","item":"https:\/\/ecolealternativeapeda.fr\/"},{"@type":"ListItem","position":2,"name":"Tarifs, pr\u00e9-inscriptions et contact"}]},{"@type":"WebSite","@id":"https:\/\/ecolealternativeapeda.fr\/#website","url":"https:\/\/ecolealternativeapeda.fr\/","name":"APEDA","description":"","potentialAction":[{"@type":"SearchAction","target":{"@type":"EntryPoint","urlTemplate":"https:\/\/ecolealternativeapeda.fr\/?s={search_term_string}"},"query-input":{"@type":"PropertyValueSpecification","valueRequired":true,"valueName":"search_term_string"}}],"inLanguage":"fr-FR"}]}},"_links":{"self":[{"href":"https:\/\/ecolealternativeapeda.fr\/index.php?rest_route=\/wp\/v2\/pages\/41","targetHints":{"allow":["GET"]}}],"collection":[{"href":"https:\/\/ecolealternativeapeda.fr\/index.php?rest_route=\/wp\/v2\/pages"}],"about":[{"href":"https:\/\/ecolealternativeapeda.fr\/index.php?rest_route=\/wp\/v2\/types\/page"}],"author":[{"embeddable":true,"href":"https:\/\/ecolealternativeapeda.fr\/index.php?rest_route=\/wp\/v2\/users\/1"}],"replies":[{"embeddable":true,"href":"https:\/\/ecolealternativeapeda.fr\/index.php?rest_route=%2Fwp%2Fv2%2Fcomments&post=41"}],"version-history":[{"count":2,"href":"https:\/\/ecolealternativeapeda.fr\/index.php?rest_route=\/wp\/v2\/pages\/41\/revisions"}],"predecessor-version":[{"id":50,"href":"https:\/\/ecolealternativeapeda.fr\/index.php?rest_route=\/wp\/v2\/pages\/41\/revisions\/50"}],"wp:attachment":[{"href":"https:\/\/ecolealternativeapeda.fr\/index.php?rest_route=%2Fwp%2Fv2%2Fmedia&parent=41"}],"curies":[{"name":"wp","href":"https:\/\/api.w.org\/{rel}","templated":true}]}}