{"id":6,"date":"2026-05-01T15:59:13","date_gmt":"2026-05-01T13:59:13","guid":{"rendered":"https:\/\/ecolealternativeapeda.fr\/?page_id=6"},"modified":"2026-05-01T15:59:13","modified_gmt":"2026-05-01T13:59:13","slug":"bienvenue-au-college-colette","status":"publish","type":"page","link":"https:\/\/ecolealternativeapeda.fr\/","title":{"rendered":"Bienvenue au Coll\u00e8ge Colette"},"content":{"rendered":"\n<p>La cr\u00e9ation du Coll\u00e8ge Colette s\u2019inscrit dans la continuit\u00e9 de l\u2019\u00e9cole alternative&nbsp;<a href=\"https:\/\/www.grandirensemble-besancon.fr\/\" target=\"_blank\" rel=\"noreferrer noopener\">Grandir Ensemble&nbsp;<\/a>de Besan\u00e7on, qui a c\u00e9l\u00e9br\u00e9 ses dix ans en juin 2022. Ce nouveau projet \u00e9ducatif r\u00e9pond \u00e0 un besoin croissant de diversification de l\u2019offre scolaire, en offrant aux parents et \u00e0 leurs enfants un environnement stimulant et respectueux.<\/p>\n\n\n\n<h4 class=\"wp-block-heading\"><strong>\u00a0Une p\u00e9dagogie fond\u00e9e sur la recherche<\/strong><\/h4>\n\n\n\n<p>Nous nous appuyons sur les avanc\u00e9es en psychologie, sciences de l\u2019\u00e9ducation et neurosciences pour mieux comprendre les ressorts de la motivation et du bien-\u00eatre int\u00e9rieur. Nos jeunes auront l&rsquo;opportunit\u00e9 de prendre leur place dans la soci\u00e9t\u00e9 \u00e0 travers des projets en partenariat avec des acteurs ext\u00e9rieurs, des ateliers anim\u00e9s par des intervenants, et une v\u00e9ritable d\u00e9mocratie au quotidien. Un conseil du coll\u00e8ge se r\u00e9unira chaque jour pour discuter de l\u2019\u00e9volution des r\u00e8gles et du fonctionnement de l\u2019\u00e9tablissement.<\/p>\n\n\n\n<h4 class=\"wp-block-heading\"><strong>Un cadre d\u2019apprentissage inspirant<\/strong><\/h4>\n\n\n\n<p>Inspir\u00e9 par les p\u00e9dagogies actives et coop\u00e9ratives, ainsi que par la p\u00e9dagogie par la nature, le Coll\u00e8ge Colette offre aux \u00e9l\u00e8ves un cadre concret, propice \u00e0 tous les apprentissages. Parmi nos projets phares, nous avons l\u2019ambition de construire notre propre coll\u00e8ge en terre-paille, en utilisant une technique d\u00e9velopp\u00e9e par Tom Rijven. Reconnu pour ses chantiers d\u2019auto-construction participatifs en France et en Europe, Tom s\u2019est engag\u00e9 \u00e0 nous accompagner dans cette aventure. Ce b\u00e2timent s\u2019int\u00e9grera dans un design de permaculture, constituant ainsi un pilier \u00e9ducatif essentiel.<\/p>\n\n\n\n<h4 class=\"wp-block-heading\"><strong>Un cadre associatif et bienveillant<\/strong><\/h4>\n\n\n\n<p>Le Coll\u00e8ge Colette est un \u00e9tablissement priv\u00e9 hors contrat, la\u00efque, associatif et parental. Notre ambition est de proposer un cadre d\u2019apprentissage diff\u00e9rent, centr\u00e9 sur les besoins des adolescents : autonomie, responsabilit\u00e9, ouverture au monde, dialogue et coop\u00e9ration. Dans un environnement bienveillant, respectueux du rythme et de la place de chacun, nous veillons \u00e0 ce que les besoins individuels et collectifs soient toujours entendus et pris en compte.<\/p>\n","protected":false},"excerpt":{"rendered":"<p>La cr\u00e9ation du Coll\u00e8ge Colette s\u2019inscrit dans la continuit\u00e9 de l\u2019\u00e9cole alternative&nbsp;Grandir Ensemble&nbsp;de Besan\u00e7on, qui a c\u00e9l\u00e9br\u00e9 ses dix ans<\/p>\n","protected":false},"author":1,"featured_media":0,"parent":0,"menu_order":0,"comment_status":"closed","ping_status":"closed","template":"","meta":{"colormag_page_container_layout":"default_layout","colormag_page_sidebar_layout":"default_layout","footnotes":""},"class_list":["post-6","page","type-page","status-publish","hentry"],"yoast_head":"<!-- This site is optimized with the Yoast SEO plugin v27.5 - https:\/\/yoast.com\/product\/yoast-seo-wordpress\/ -->\n<title>Bienvenue au Coll\u00e8ge Colette - APEDA<\/title>\n<meta name=\"robots\" content=\"index, follow, max-snippet:-1, max-image-preview:large, max-video-preview:-1\" \/>\n<link rel=\"canonical\" href=\"https:\/\/ecolealternativeapeda.fr\/\" \/>\n<meta property=\"og:locale\" content=\"fr_FR\" \/>\n<meta property=\"og:type\" content=\"article\" \/>\n<meta property=\"og:title\" content=\"Bienvenue au Coll\u00e8ge Colette - APEDA\" \/>\n<meta property=\"og:description\" content=\"La cr\u00e9ation du Coll\u00e8ge Colette s\u2019inscrit dans la continuit\u00e9 de l\u2019\u00e9cole alternative&nbsp;Grandir Ensemble&nbsp;de Besan\u00e7on, qui a c\u00e9l\u00e9br\u00e9 ses dix ans\" \/>\n<meta property=\"og:url\" content=\"https:\/\/ecolealternativeapeda.fr\/\" \/>\n<meta property=\"og:site_name\" content=\"APEDA\" \/>\n<meta name=\"twitter:card\" content=\"summary_large_image\" \/>\n<meta name=\"twitter:label1\" content=\"Est. reading time\" \/>\n\t<meta name=\"twitter:data1\" content=\"2 minutes\" \/>\n<script type=\"application\/ld+json\" class=\"yoast-schema-graph\">{\"@context\":\"https:\\\/\\\/schema.org\",\"@graph\":[{\"@type\":\"WebPage\",\"@id\":\"https:\\\/\\\/ecolealternativeapeda.fr\\\/\",\"url\":\"https:\\\/\\\/ecolealternativeapeda.fr\\\/\",\"name\":\"Bienvenue au Coll\u00e8ge Colette - APEDA\",\"isPartOf\":{\"@id\":\"https:\\\/\\\/ecolealternativeapeda.fr\\\/#website\"},\"datePublished\":\"2026-05-01T13:59:13+00:00\",\"breadcrumb\":{\"@id\":\"https:\\\/\\\/ecolealternativeapeda.fr\\\/#breadcrumb\"},\"inLanguage\":\"fr-FR\",\"potentialAction\":[{\"@type\":\"ReadAction\",\"target\":[\"https:\\\/\\\/ecolealternativeapeda.fr\\\/\"]}]},{\"@type\":\"BreadcrumbList\",\"@id\":\"https:\\\/\\\/ecolealternativeapeda.fr\\\/#breadcrumb\",\"itemListElement\":[{\"@type\":\"ListItem\",\"position\":1,\"name\":\"Home\",\"item\":\"https:\\\/\\\/ecolealternativeapeda.fr\\\/\"},{\"@type\":\"ListItem\",\"position\":2,\"name\":\"Bienvenue au Coll\u00e8ge Colette\"}]},{\"@type\":\"WebSite\",\"@id\":\"https:\\\/\\\/ecolealternativeapeda.fr\\\/#website\",\"url\":\"https:\\\/\\\/ecolealternativeapeda.fr\\\/\",\"name\":\"APEDA\",\"description\":\"\",\"potentialAction\":[{\"@type\":\"SearchAction\",\"target\":{\"@type\":\"EntryPoint\",\"urlTemplate\":\"https:\\\/\\\/ecolealternativeapeda.fr\\\/?s={search_term_string}\"},\"query-input\":{\"@type\":\"PropertyValueSpecification\",\"valueRequired\":true,\"valueName\":\"search_term_string\"}}],\"inLanguage\":\"fr-FR\"}]}<\/script>\n<!-- \/ Yoast SEO plugin. -->","yoast_head_json":{"title":"Bienvenue au Coll\u00e8ge Colette - APEDA","robots":{"index":"index","follow":"follow","max-snippet":"max-snippet:-1","max-image-preview":"max-image-preview:large","max-video-preview":"max-video-preview:-1"},"canonical":"https:\/\/ecolealternativeapeda.fr\/","og_locale":"fr_FR","og_type":"article","og_title":"Bienvenue au Coll\u00e8ge Colette - APEDA","og_description":"La cr\u00e9ation du Coll\u00e8ge Colette s\u2019inscrit dans la continuit\u00e9 de l\u2019\u00e9cole alternative&nbsp;Grandir Ensemble&nbsp;de Besan\u00e7on, qui a c\u00e9l\u00e9br\u00e9 ses dix ans","og_url":"https:\/\/ecolealternativeapeda.fr\/","og_site_name":"APEDA","twitter_card":"summary_large_image","twitter_misc":{"Est. reading time":"2 minutes"},"schema":{"@context":"https:\/\/schema.org","@graph":[{"@type":"WebPage","@id":"https:\/\/ecolealternativeapeda.fr\/","url":"https:\/\/ecolealternativeapeda.fr\/","name":"Bienvenue au Coll\u00e8ge Colette - APEDA","isPartOf":{"@id":"https:\/\/ecolealternativeapeda.fr\/#website"},"datePublished":"2026-05-01T13:59:13+00:00","breadcrumb":{"@id":"https:\/\/ecolealternativeapeda.fr\/#breadcrumb"},"inLanguage":"fr-FR","potentialAction":[{"@type":"ReadAction","target":["https:\/\/ecolealternativeapeda.fr\/"]}]},{"@type":"BreadcrumbList","@id":"https:\/\/ecolealternativeapeda.fr\/#breadcrumb","itemListElement":[{"@type":"ListItem","position":1,"name":"Home","item":"https:\/\/ecolealternativeapeda.fr\/"},{"@type":"ListItem","position":2,"name":"Bienvenue au Coll\u00e8ge Colette"}]},{"@type":"WebSite","@id":"https:\/\/ecolealternativeapeda.fr\/#website","url":"https:\/\/ecolealternativeapeda.fr\/","name":"APEDA","description":"","potentialAction":[{"@type":"SearchAction","target":{"@type":"EntryPoint","urlTemplate":"https:\/\/ecolealternativeapeda.fr\/?s={search_term_string}"},"query-input":{"@type":"PropertyValueSpecification","valueRequired":true,"valueName":"search_term_string"}}],"inLanguage":"fr-FR"}]}},"_links":{"self":[{"href":"https:\/\/ecolealternativeapeda.fr\/index.php?rest_route=\/wp\/v2\/pages\/6","targetHints":{"allow":["GET"]}}],"collection":[{"href":"https:\/\/ecolealternativeapeda.fr\/index.php?rest_route=\/wp\/v2\/pages"}],"about":[{"href":"https:\/\/ecolealternativeapeda.fr\/index.php?rest_route=\/wp\/v2\/types\/page"}],"author":[{"embeddable":true,"href":"https:\/\/ecolealternativeapeda.fr\/index.php?rest_route=\/wp\/v2\/users\/1"}],"replies":[{"embeddable":true,"href":"https:\/\/ecolealternativeapeda.fr\/index.php?rest_route=%2Fwp%2Fv2%2Fcomments&post=6"}],"version-history":[{"count":1,"href":"https:\/\/ecolealternativeapeda.fr\/index.php?rest_route=\/wp\/v2\/pages\/6\/revisions"}],"predecessor-version":[{"id":8,"href":"https:\/\/ecolealternativeapeda.fr\/index.php?rest_route=\/wp\/v2\/pages\/6\/revisions\/8"}],"wp:attachment":[{"href":"https:\/\/ecolealternativeapeda.fr\/index.php?rest_route=%2Fwp%2Fv2%2Fmedia&parent=6"}],"curies":[{"name":"wp","href":"https:\/\/api.w.org\/{rel}","templated":true}]}}